{"id":5024,"date":"2025-10-14T15:44:50","date_gmt":"2025-10-14T15:44:50","guid":{"rendered":"https:\/\/clubelisboa.pt\/conf-debates-eventos\/lisbon-talk-environment-and-climate-change-between-politics-and-technology-pt\/"},"modified":"2025-10-14T15:44:50","modified_gmt":"2025-10-14T15:44:50","slug":"lisbon-talk-environment-and-climate-change-between-politics-and-technology-pt","status":"publish","type":"conf-debates-eventos","link":"https:\/\/clubelisboa.pt\/en\/conf-debates-eventos\/lisbon-talk-environment-and-climate-change-between-politics-and-technology-pt\/","title":{"rendered":"Lisbon Talk | Environment and Climate Change: Between politics and technology (PT)"},"content":{"rendered":"","protected":false},"featured_media":3174,"template":"","tags":[337,338,399,376,344],"class_list":["post-5024","conf-debates-eventos","type-conf-debates-eventos","status-publish","has-post-thumbnail","hentry","tag-alteracoes-climaticas","tag-ambiente","tag-energy-transition","tag-politicas-publicas","tag-transicao-ecologica","categoria-tematica-ambiente-en","categoria-tematica-governacao-en","categoria-geografica-mundo","conf-debates-eventos-cat-talks-and-seminars","local-conf-gremio-literario"],"acf":[],"yoast_head":"<!-- This site is optimized with the Yoast SEO plugin v26.2 - https:\/\/yoast.com\/wordpress\/plugins\/seo\/ -->\n<title>Lisbon Talk | Environment and Climate Change: Between politics and technology (PT) - Clube Lisboa<\/title>\n<meta name=\"description\" content=\"Organised by Clube de Lisboa and Gr\u00e9mio Liter\u00e1rio, as part of the Global Challenges for Development project and the protocol signed between the two institutions The debate focuses on the following questions:\u2022 Is it still possible to comply with Paris and other environmental treaties\/objectives? How are economic and business interests linked to technological solutions and political choices? \u2022 How can we ensure an ecological transition that is sustainable, equitable and fair, and that combines economic and political interests with human and social factors? \u2022 How can we promote the sharing of responsibilities and appropriate incentives (financial and fiscal, technological, etc.) for more sustainable policies and practices? Speakers: Kalil Cury Filho, CEO and founder of Partner Desenvolvimento, member of the Brazil Climate, Forests and Agriculture Coalition. Francisco Ferreira, President of Associa\u00e7\u00e3o ZERO \u2013 Associa\u00e7\u00e3o Sistema Terrestre Sustent\u00e1vel (Sustainable Earth System Association). Lucila de Almeida, Coordinator of NOVA Green Lab. Maria Jo\u00e3o Marques Paix\u00e3o, Member of the \u00daltimo Recurso Association. Moderator: Ant\u00f3nio Pereira Neves, Journalist at LUSA\" \/>\n<meta name=\"robots\" content=\"index, follow, max-snippet:-1, max-image-preview:large, max-video-preview:-1\" \/>\n<link rel=\"canonical\" href=\"https:\/\/clubelisboa.pt\/en\/conf-debates-eventos\/lisbon-talk-environment-and-climate-change-between-politics-and-technology-pt\/\" \/>\n<meta property=\"og:locale\" content=\"en_US\" \/>\n<meta property=\"og:type\" content=\"article\" \/>\n<meta property=\"og:title\" content=\"Lisbon Talk | Environment and Climate Change: Between politics and technology (PT) - Clube Lisboa\" \/>\n<meta property=\"og:description\" content=\"Organised by Clube de Lisboa and Gr\u00e9mio Liter\u00e1rio, as part of the Global Challenges for Development project and the protocol signed between the two institutions The debate focuses on the following questions:\u2022 Is it still possible to comply with Paris and other environmental treaties\/objectives? How are economic and business interests linked to technological solutions and political choices? \u2022 How can we ensure an ecological transition that is sustainable, equitable and fair, and that combines economic and political interests with human and social factors? \u2022 How can we promote the sharing of responsibilities and appropriate incentives (financial and fiscal, technological, etc.) for more sustainable policies and practices? Speakers: Kalil Cury Filho, CEO and founder of Partner Desenvolvimento, member of the Brazil Climate, Forests and Agriculture Coalition. Francisco Ferreira, President of Associa\u00e7\u00e3o ZERO \u2013 Associa\u00e7\u00e3o Sistema Terrestre Sustent\u00e1vel (Sustainable Earth System Association). Lucila de Almeida, Coordinator of NOVA Green Lab. Maria Jo\u00e3o Marques Paix\u00e3o, Member of the \u00daltimo Recurso Association. Moderator: Ant\u00f3nio Pereira Neves, Journalist at LUSA\" \/>\n<meta property=\"og:url\" content=\"https:\/\/clubelisboa.pt\/en\/conf-debates-eventos\/lisbon-talk-environment-and-climate-change-between-politics-and-technology-pt\/\" \/>\n<meta property=\"og:site_name\" content=\"Clube Lisboa\" \/>\n<meta property=\"article:publisher\" content=\"https:\/\/www.facebook.com\/cluboflisbon\" \/>\n<meta property=\"og:image\" content=\"https:\/\/clubelisboa.pt\/wp-content\/uploads\/2025\/10\/CL-17outubro-gremio-575.jpg\" \/>\n\t<meta property=\"og:image:width\" content=\"575\" \/>\n\t<meta property=\"og:image:height\" content=\"355\" \/>\n\t<meta property=\"og:image:type\" content=\"image\/jpeg\" \/>\n<meta name=\"twitter:card\" content=\"summary_large_image\" \/>\n<script type=\"application\/ld+json\" class=\"yoast-schema-graph\">{\"@context\":\"https:\/\/schema.org\",\"@graph\":[{\"@type\":\"WebPage\",\"@id\":\"https:\/\/clubelisboa.pt\/en\/conf-debates-eventos\/lisbon-talk-environment-and-climate-change-between-politics-and-technology-pt\/\",\"url\":\"https:\/\/clubelisboa.pt\/en\/conf-debates-eventos\/lisbon-talk-environment-and-climate-change-between-politics-and-technology-pt\/\",\"name\":\"Lisbon Talk | Environment and Climate Change: Between politics and technology (PT) - Clube Lisboa\",\"isPartOf\":{\"@id\":\"https:\/\/clubelisboa.pt\/en\/#website\"},\"primaryImageOfPage\":{\"@id\":\"https:\/\/clubelisboa.pt\/en\/conf-debates-eventos\/lisbon-talk-environment-and-climate-change-between-politics-and-technology-pt\/#primaryimage\"},\"image\":{\"@id\":\"https:\/\/clubelisboa.pt\/en\/conf-debates-eventos\/lisbon-talk-environment-and-climate-change-between-politics-and-technology-pt\/#primaryimage\"},\"thumbnailUrl\":\"https:\/\/clubelisboa.pt\/wp-content\/uploads\/2025\/10\/CL-17outubro-gremio-575.jpg\",\"datePublished\":\"2025-10-14T15:44:50+00:00\",\"description\":\"Organised by Clube de Lisboa and Gr\u00e9mio Liter\u00e1rio, as part of the Global Challenges for Development project and the protocol signed between the two institutions The debate focuses on the following questions:\u2022 Is it still possible to comply with Paris and other environmental treaties\/objectives? How are economic and business interests linked to technological solutions and political choices? \u2022 How can we ensure an ecological transition that is sustainable, equitable and fair, and that combines economic and political interests with human and social factors? \u2022 How can we promote the sharing of responsibilities and appropriate incentives (financial and fiscal, technological, etc.) for more sustainable policies and practices? Speakers: Kalil Cury Filho, CEO and founder of Partner Desenvolvimento, member of the Brazil Climate, Forests and Agriculture Coalition. Francisco Ferreira, President of Associa\u00e7\u00e3o ZERO \u2013 Associa\u00e7\u00e3o Sistema Terrestre Sustent\u00e1vel (Sustainable Earth System Association). Lucila de Almeida, Coordinator of NOVA Green Lab. Maria Jo\u00e3o Marques Paix\u00e3o, Member of the \u00daltimo Recurso Association. Moderator: Ant\u00f3nio Pereira Neves, Journalist at LUSA\",\"breadcrumb\":{\"@id\":\"https:\/\/clubelisboa.pt\/en\/conf-debates-eventos\/lisbon-talk-environment-and-climate-change-between-politics-and-technology-pt\/#breadcrumb\"},\"inLanguage\":\"en-US\",\"potentialAction\":[{\"@type\":\"ReadAction\",\"target\":[\"https:\/\/clubelisboa.pt\/en\/conf-debates-eventos\/lisbon-talk-environment-and-climate-change-between-politics-and-technology-pt\/\"]}]},{\"@type\":\"ImageObject\",\"inLanguage\":\"en-US\",\"@id\":\"https:\/\/clubelisboa.pt\/en\/conf-debates-eventos\/lisbon-talk-environment-and-climate-change-between-politics-and-technology-pt\/#primaryimage\",\"url\":\"https:\/\/clubelisboa.pt\/wp-content\/uploads\/2025\/10\/CL-17outubro-gremio-575.jpg\",\"contentUrl\":\"https:\/\/clubelisboa.pt\/wp-content\/uploads\/2025\/10\/CL-17outubro-gremio-575.jpg\",\"width\":575,\"height\":355},{\"@type\":\"BreadcrumbList\",\"@id\":\"https:\/\/clubelisboa.pt\/en\/conf-debates-eventos\/lisbon-talk-environment-and-climate-change-between-politics-and-technology-pt\/#breadcrumb\",\"itemListElement\":[{\"@type\":\"ListItem\",\"position\":1,\"name\":\"In\u00edcio\",\"item\":\"https:\/\/clubelisboa.pt\/en\/\"},{\"@type\":\"ListItem\",\"position\":2,\"name\":\"Conferences, Debates and other events\",\"item\":\"https:\/\/clubelisboa.pt\/en\/conf-debates-eventos\/\"},{\"@type\":\"ListItem\",\"position\":3,\"name\":\"Lisbon Talk | Environment and Climate Change: Between politics and technology (PT)\"}]},{\"@type\":\"WebSite\",\"@id\":\"https:\/\/clubelisboa.pt\/en\/#website\",\"url\":\"https:\/\/clubelisboa.pt\/en\/\",\"name\":\"Clube Lisboa\",\"description\":\"Clube Lisboa\",\"potentialAction\":[{\"@type\":\"SearchAction\",\"target\":{\"@type\":\"EntryPoint\",\"urlTemplate\":\"https:\/\/clubelisboa.pt\/en\/?s={search_term_string}\"},\"query-input\":{\"@type\":\"PropertyValueSpecification\",\"valueRequired\":true,\"valueName\":\"search_term_string\"}}],\"inLanguage\":\"en-US\"}]}<\/script>\n<!-- \/ Yoast SEO plugin. -->","yoast_head_json":{"title":"Lisbon Talk | Environment and Climate Change: Between politics and technology (PT) - Clube Lisboa","description":"Organised by Clube de Lisboa and Gr\u00e9mio Liter\u00e1rio, as part of the Global Challenges for Development project and the protocol signed between the two institutions The debate focuses on the following questions:\u2022 Is it still possible to comply with Paris and other environmental treaties\/objectives? How are economic and business interests linked to technological solutions and political choices? \u2022 How can we ensure an ecological transition that is sustainable, equitable and fair, and that combines economic and political interests with human and social factors? \u2022 How can we promote the sharing of responsibilities and appropriate incentives (financial and fiscal, technological, etc.) for more sustainable policies and practices? Speakers: Kalil Cury Filho, CEO and founder of Partner Desenvolvimento, member of the Brazil Climate, Forests and Agriculture Coalition. Francisco Ferreira, President of Associa\u00e7\u00e3o ZERO \u2013 Associa\u00e7\u00e3o Sistema Terrestre Sustent\u00e1vel (Sustainable Earth System Association). Lucila de Almeida, Coordinator of NOVA Green Lab. Maria Jo\u00e3o Marques Paix\u00e3o, Member of the \u00daltimo Recurso Association. Moderator: Ant\u00f3nio Pereira Neves, Journalist at LUSA","robots":{"index":"index","follow":"follow","max-snippet":"max-snippet:-1","max-image-preview":"max-image-preview:large","max-video-preview":"max-video-preview:-1"},"canonical":"https:\/\/clubelisboa.pt\/en\/conf-debates-eventos\/lisbon-talk-environment-and-climate-change-between-politics-and-technology-pt\/","og_locale":"en_US","og_type":"article","og_title":"Lisbon Talk | Environment and Climate Change: Between politics and technology (PT) - Clube Lisboa","og_description":"Organised by Clube de Lisboa and Gr\u00e9mio Liter\u00e1rio, as part of the Global Challenges for Development project and the protocol signed between the two institutions The debate focuses on the following questions:\u2022 Is it still possible to comply with Paris and other environmental treaties\/objectives? How are economic and business interests linked to technological solutions and political choices? \u2022 How can we ensure an ecological transition that is sustainable, equitable and fair, and that combines economic and political interests with human and social factors? \u2022 How can we promote the sharing of responsibilities and appropriate incentives (financial and fiscal, technological, etc.) for more sustainable policies and practices? Speakers: Kalil Cury Filho, CEO and founder of Partner Desenvolvimento, member of the Brazil Climate, Forests and Agriculture Coalition. Francisco Ferreira, President of Associa\u00e7\u00e3o ZERO \u2013 Associa\u00e7\u00e3o Sistema Terrestre Sustent\u00e1vel (Sustainable Earth System Association). Lucila de Almeida, Coordinator of NOVA Green Lab. Maria Jo\u00e3o Marques Paix\u00e3o, Member of the \u00daltimo Recurso Association. Moderator: Ant\u00f3nio Pereira Neves, Journalist at LUSA","og_url":"https:\/\/clubelisboa.pt\/en\/conf-debates-eventos\/lisbon-talk-environment-and-climate-change-between-politics-and-technology-pt\/","og_site_name":"Clube Lisboa","article_publisher":"https:\/\/www.facebook.com\/cluboflisbon","og_image":[{"width":575,"height":355,"url":"https:\/\/clubelisboa.pt\/wp-content\/uploads\/2025\/10\/CL-17outubro-gremio-575.jpg","type":"image\/jpeg"}],"twitter_card":"summary_large_image","schema":{"@context":"https:\/\/schema.org","@graph":[{"@type":"WebPage","@id":"https:\/\/clubelisboa.pt\/en\/conf-debates-eventos\/lisbon-talk-environment-and-climate-change-between-politics-and-technology-pt\/","url":"https:\/\/clubelisboa.pt\/en\/conf-debates-eventos\/lisbon-talk-environment-and-climate-change-between-politics-and-technology-pt\/","name":"Lisbon Talk | Environment and Climate Change: Between politics and technology (PT) - Clube Lisboa","isPartOf":{"@id":"https:\/\/clubelisboa.pt\/en\/#website"},"primaryImageOfPage":{"@id":"https:\/\/clubelisboa.pt\/en\/conf-debates-eventos\/lisbon-talk-environment-and-climate-change-between-politics-and-technology-pt\/#primaryimage"},"image":{"@id":"https:\/\/clubelisboa.pt\/en\/conf-debates-eventos\/lisbon-talk-environment-and-climate-change-between-politics-and-technology-pt\/#primaryimage"},"thumbnailUrl":"https:\/\/clubelisboa.pt\/wp-content\/uploads\/2025\/10\/CL-17outubro-gremio-575.jpg","datePublished":"2025-10-14T15:44:50+00:00","description":"Organised by Clube de Lisboa and Gr\u00e9mio Liter\u00e1rio, as part of the Global Challenges for Development project and the protocol signed between the two institutions The debate focuses on the following questions:\u2022 Is it still possible to comply with Paris and other environmental treaties\/objectives? How are economic and business interests linked to technological solutions and political choices? \u2022 How can we ensure an ecological transition that is sustainable, equitable and fair, and that combines economic and political interests with human and social factors? \u2022 How can we promote the sharing of responsibilities and appropriate incentives (financial and fiscal, technological, etc.) for more sustainable policies and practices? Speakers: Kalil Cury Filho, CEO and founder of Partner Desenvolvimento, member of the Brazil Climate, Forests and Agriculture Coalition. Francisco Ferreira, President of Associa\u00e7\u00e3o ZERO \u2013 Associa\u00e7\u00e3o Sistema Terrestre Sustent\u00e1vel (Sustainable Earth System Association). Lucila de Almeida, Coordinator of NOVA Green Lab. Maria Jo\u00e3o Marques Paix\u00e3o, Member of the \u00daltimo Recurso Association. Moderator: Ant\u00f3nio Pereira Neves, Journalist at LUSA","breadcrumb":{"@id":"https:\/\/clubelisboa.pt\/en\/conf-debates-eventos\/lisbon-talk-environment-and-climate-change-between-politics-and-technology-pt\/#breadcrumb"},"inLanguage":"en-US","potentialAction":[{"@type":"ReadAction","target":["https:\/\/clubelisboa.pt\/en\/conf-debates-eventos\/lisbon-talk-environment-and-climate-change-between-politics-and-technology-pt\/"]}]},{"@type":"ImageObject","inLanguage":"en-US","@id":"https:\/\/clubelisboa.pt\/en\/conf-debates-eventos\/lisbon-talk-environment-and-climate-change-between-politics-and-technology-pt\/#primaryimage","url":"https:\/\/clubelisboa.pt\/wp-content\/uploads\/2025\/10\/CL-17outubro-gremio-575.jpg","contentUrl":"https:\/\/clubelisboa.pt\/wp-content\/uploads\/2025\/10\/CL-17outubro-gremio-575.jpg","width":575,"height":355},{"@type":"BreadcrumbList","@id":"https:\/\/clubelisboa.pt\/en\/conf-debates-eventos\/lisbon-talk-environment-and-climate-change-between-politics-and-technology-pt\/#breadcrumb","itemListElement":[{"@type":"ListItem","position":1,"name":"In\u00edcio","item":"https:\/\/clubelisboa.pt\/en\/"},{"@type":"ListItem","position":2,"name":"Conferences, Debates and other events","item":"https:\/\/clubelisboa.pt\/en\/conf-debates-eventos\/"},{"@type":"ListItem","position":3,"name":"Lisbon Talk | Environment and Climate Change: Between politics and technology (PT)"}]},{"@type":"WebSite","@id":"https:\/\/clubelisboa.pt\/en\/#website","url":"https:\/\/clubelisboa.pt\/en\/","name":"Clube Lisboa","description":"Clube Lisboa","potentialAction":[{"@type":"SearchAction","target":{"@type":"EntryPoint","urlTemplate":"https:\/\/clubelisboa.pt\/en\/?s={search_term_string}"},"query-input":{"@type":"PropertyValueSpecification","valueRequired":true,"valueName":"search_term_string"}}],"inLanguage":"en-US"}]}},"_links":{"self":[{"href":"https:\/\/clubelisboa.pt\/en\/wp-json\/wp\/v2\/conf-debates-eventos\/5024","targetHints":{"allow":["GET"]}}],"collection":[{"href":"https:\/\/clubelisboa.pt\/en\/wp-json\/wp\/v2\/conf-debates-eventos"}],"about":[{"href":"https:\/\/clubelisboa.pt\/en\/wp-json\/wp\/v2\/types\/conf-debates-eventos"}],"wp:featuredmedia":[{"embeddable":true,"href":"https:\/\/clubelisboa.pt\/en\/wp-json\/wp\/v2\/media\/3174"}],"wp:attachment":[{"href":"https:\/\/clubelisboa.pt\/en\/wp-json\/wp\/v2\/media?parent=5024"}],"wp:term":[{"taxonomy":"post_tag","embeddable":true,"href":"https:\/\/clubelisboa.pt\/en\/wp-json\/wp\/v2\/tags?post=5024"}],"curies":[{"name":"wp","href":"https:\/\/api.w.org\/{rel}","templated":true}]}}